{"id":213,"date":"2022-07-18T02:00:52","date_gmt":"2022-07-18T02:00:52","guid":{"rendered":"http:\/\/191.252.138.78\/~sanrisil\/?page_id=213"},"modified":"2025-03-31T12:39:41","modified_gmt":"2025-03-31T12:39:41","slug":"politicas-de-privacidade","status":"publish","type":"page","link":"https:\/\/sanrisil.com.br\/?page_id=213","title":{"rendered":"Politicas de privacidade"},"content":{"rendered":"\n<p>Nossa empresa tem o compromisso de proteger e respeitar sua privacidade, dessa forma, atrav\u00e9s desta Pol\u00edtica de Privacidade de Dados buscamos explicar como os dados pessoais fornecidos por voc\u00ea, usu\u00e1rio, s\u00e3o coletados pela Sanrisil e ser\u00e3o tratados de acordo com a Lei Geral de Prote\u00e7\u00e3o de Dados Pessoais (Lei n\u00ba 13709\/18), doravante &#8220;LGPD&#8221;.<br><\/p>\n\n\n\n<p><\/p>\n\n\n\n<p><strong>QUAIS DADOS S\u00c3O COLETADOS<\/strong><br>Os dados coletados pela nossa empresa ser\u00e3o aqueles fornecidos diretamente pelo usu\u00e1rio para contato no caso do preenchimento de formul\u00e1rio constante no site.<br>Al\u00e9m disso, poder\u00e3o ser recolhidos automaticamente os dados de navega\u00e7\u00e3o, como o acesso do usu\u00e1rio ao nosso site, o tempo permanecido na plataforma, bem como informa\u00e7\u00f5es sobre o dispositivo utilizado para navega\u00e7\u00e3o.<br>A coleta de informa\u00e7\u00f5es \u00e9 realizada atrav\u00e9s de cookies, enviados diretamente do servidor do website ao computador do usu\u00e1rio, com o objetivo de identifica-lo. Os cookies s\u00e3o utilizados pela Sanrisil para guardar informa\u00e7\u00f5es. Destaca-se que a aceita\u00e7\u00e3o dos cookies pode ser livremente alterada na configura\u00e7\u00e3o do navegador.<br>Outras informa\u00e7\u00f5es que poder\u00e3o ser recolhidas: aquelas obtidas atrav\u00e9s de terceiros, de registros p\u00fablicos ou que estejam dispon\u00edveis publicamente.<br><\/p>\n\n\n\n<p><\/p>\n\n\n\n<p><strong>PARA QUE FINALIDADE UTILIZAMOS OS DADOS<\/strong><br>Os Dados coletados poder\u00e3o ser processados por n\u00f3s com as seguintes finalidades:<br>I \u2013 Estabelecer comunica\u00e7\u00e3o com o usu\u00e1rio sobre produtos e servi\u00e7os realizados pela empresa, para sanar eventuais d\u00favidas e fazer pesquisa de satisfa\u00e7\u00e3o do cliente;<br>II \u2013 Para identificar corretamente o usu\u00e1rio, de modo a personalizar sua experi\u00eancia e permitir a elabora\u00e7\u00e3o e execu\u00e7\u00e3o de contrato de compra e venda ou de presta\u00e7\u00e3o de servi\u00e7os;<br>III \u2013 Para an\u00e1lise de dados profissionais e demais informa\u00e7\u00f5es fornecidas pelo usu\u00e1rio que deseja se tornar um colaborador da empresa.<br>Os Dados recolhidos ser\u00e3o objeto de tratamento automatizado e incorporados aos correspondentes registros eletr\u00f4nicos de dados pessoais, dos quais a Sanrisil ser\u00e1 titular e respons\u00e1vel, e permanecer\u00e3o armazenados durante todo o seu ciclo de vida, garantindo a seguran\u00e7a, a confiabilidade e a transpar\u00eancia, conforme as disposi\u00e7\u00f5es legais e regulamentos aplic\u00e1veis.<br><\/p>\n\n\n\n<p><\/p>\n\n\n\n<p><strong>DA RESPONSABILIDADE DO USU\u00c1RIO<\/strong><br>\u00c9 direito do usu\u00e1rio a livre escolha sobre fornecer ou n\u00e3o seus dados pessoais. Nesse sentido, caso queira realizar a confec\u00e7\u00e3o de cadastro o usu\u00e1rio garante que as informa\u00e7\u00f5es fornecidas \u00e0 Snarisil s\u00e3o verdadeiras, responsabilizando-se exclusivamente por eventual falsidade ou inexatid\u00e3o.<br>Para viabilizar a comunica\u00e7\u00e3o entre a Sanrisil e o cliente, bem como para a execu\u00e7\u00e3o de contratos, o usu\u00e1rio dever\u00e1 manter seus dados atualizados junto ao nosso sistema.<br><\/p>\n\n\n\n<p><\/p>\n\n\n\n<p><strong>COM QUEM COMPARTILHAMOS DADOS<\/strong><br>Os dados do usu\u00e1rio ser\u00e3o utilizados apenas internamente na empresa ficando os operadores cientes do sigilo.<br>A empresa poder\u00e1 comunicar os dados a terceiros nos casos de cumprimento de obriga\u00e7\u00f5es legais e ou de ordem judicial.<br><\/p>\n\n\n\n<p><\/p>\n\n\n\n<p><strong>ARMAZENAMENTO E SEGURAN\u00c7A DOS DADOS PESSOAIS<\/strong><br>A Sanrisil mant\u00e9m os dados pessoais em sistemas e arquivos, de forma segura e busca instalar todas as medidas adicionais para evitar perda, mau uso, altera\u00e7\u00e3o, acesso n\u00e3o autorizado ou subtra\u00e7\u00e3o, levando em conta as exig\u00eancias legais e contratuais.<br>No website da empresa \u00e9 utilizado o Certificado de Seguran\u00e7a (SSL), o qual, atrav\u00e9s de um sistema de certifica\u00e7\u00e3o, permite comprovar a autenticidade do site a partir do local em que s\u00e3o fornecidos os dados pessoais, garantindo, portanto, a integridade e a confidencialidade durante sua transmiss\u00e3o. N\u00e3o obstante as medidas de seguran\u00e7a estejam de acordo com a lei, o usu\u00e1rio deve estar ciente de que estas n\u00e3o s\u00e3o integralmente infal\u00edveis.<br><\/p>\n\n\n\n<p><\/p>\n\n\n\n<p><strong>RESPONS\u00c1VEL PELO TRATAMENTO<\/strong><br>A SANRISIL S\/A INDUSTRIA E COMERCIO, pessoa jur\u00eddica de direito privado, inscrita no CNPJ sob o n\u00ba 00.783.239\/0001-85, com sede na Rua Estrada do Bonsucesso, n\u00ba 1973, Rio Abaixo, Itaquaquecetuba\/SP, CEP n\u00ba 08.579-000, \u00e9 a respons\u00e1vel (Controladora) pelo tratamento dos dados que coleta, processa e armazena no contexto desta Pol\u00edtica de Privacidade de Dados.<br><\/p>\n\n\n\n<p><\/p>\n\n\n\n<p><strong>DOS DIREITOS DO TITULAR DOS DADOS<\/strong><\/p>\n\n\n\n<ul class=\"wp-block-list\">\n<li>O titular dos dados fornecidos \u00e0 empresa, poder\u00e1, conforme a Lei Geral de Prote\u00e7\u00e3o de Dados Pessoais exercer os seguintes direitos:<\/li>\n\n\n\n<li>Direito de acesso aos dados e confirma\u00e7\u00e3o da exist\u00eancia do tratamento: direito de acessar os dados fornecidos e de obter da Controladora a confirma\u00e7\u00e3o de que os dados pessoais ser\u00e3o devidamente tratados;<\/li>\n\n\n\n<li>Direito de retifica\u00e7\u00e3o: direito de obter da Controladora a corre\u00e7\u00e3o dos dados pessoais que possa considerar inexatos, desatualizados ou incompletos;<\/li>\n\n\n\n<li>Direito \u00e0 anonimiza\u00e7\u00e3o, bloqueio ou elimina\u00e7\u00e3o: direito de obter da nossa parte a anonimiza\u00e7\u00e3o, bloqueio ou elimina\u00e7\u00e3o dos dados desnecess\u00e1rios ou excessivos processados em desacordo com o disposto na LGPD. A Controladora dever\u00e1 informar imediatamente os terceiros processadores com os quais realizou o uso compartilhado de dados para que possam repetir um procedimento id\u00eantico;<\/li>\n\n\n\n<li>Direito \u00e0 portabilidade dos dados: direito de receber os dados pessoais que forneceu \u00e0 Controladora em um formato estruturado, de uso comum e leg\u00edvel por m\u00e1quina, bem como transmiti-los, mediante requerimento expresso;<\/li>\n\n\n\n<li>Direito de apresentar uma queixa: sem preju\u00edzo de qualquer outro lit\u00edgio administrativo ou judicial, se acreditar que o processamento de dados foi realizado ilicitamente ou sem conformidade com LGPD, voc\u00ea tem direito a apresentar uma queixa \u00e0 Autoridade Nacional de Prote\u00e7\u00e3o de dados \u2013 ANPD;<\/li>\n\n\n\n<li>Direito de informa\u00e7\u00e3o quanto ao compartilhamento: Direito de ser informado quanto \u00e0s entidades p\u00fablicas e privadas com as quais a Controladora compartilhou seus dados;<\/li>\n\n\n\n<li>Direito de revoga\u00e7\u00e3o do consentimento e elimina\u00e7\u00e3o dos dados pessoais: direito de revogar o consentimento outrora concedido para o tratamento dos dados, bem como o de solicitar a elimina\u00e7\u00e3o dos dados que estejam em poder da Controladora ou de suas filiais.<\/li>\n<\/ul>\n\n\n\n<p><\/p>\n\n\n\n<p><strong>ATUALIZA\u00c7\u00d5ES DESTA POL\u00cdTICA DE PRIVACIDADE<\/strong><br>Esta Pol\u00edtica de Privacidade de Dados poder\u00e1 sofrer altera\u00e7\u00f5es, seja em raz\u00e3o da inclus\u00e3o de novas funcionalidades ou servi\u00e7os, ou por mudan\u00e7as na legisla\u00e7\u00e3o vigente. Nesse sentido, havendo quaisquer altera\u00e7\u00f5es relevantes desta Pol\u00edtica de Privacidade, as atualiza\u00e7\u00f5es ser\u00e3o publicadas em nosso site e entrar\u00e3o em vigor a partir de sua publica\u00e7\u00e3o.<br>N\u00f3s o convidamos a rever periodicamente nossa Pol\u00edtica sempre que navegar em nosso site, para que esteja ciente de como nossa empresa est\u00e1 tratando e protegendo seus Dados.<br><\/p>\n\n\n\n<p><\/p>\n\n\n\n<p><strong>INFORMA\u00c7\u00d5ES COMPLEMENTARES<\/strong><br>Havendo a necessidade da obten\u00e7\u00e3o de maiores informa\u00e7\u00f5es pessoais para que sejam alcan\u00e7adas as finalidades descritas nesta Pol\u00edtica de Privacidade, a Controladora poder\u00e1 entrar em contato. Essas informa\u00e7\u00f5es, juntamente com outros dados pessoais que j\u00e1 detemos, ser\u00e3o processadas para satisfazer a sua solicita\u00e7\u00e3o, conforme exigido em lei.<\/p>\n\n\n\n<p>Em caso de d\u00favidas, entre em contato conosco, enviando um e-mail para contato <a href=\"mailto:sac@sanrisil.com.br\">sac@sanrisil.com.br<\/a> ou ligando para o telefone <a href=\"tel:(11) 4646-3600\">(11) 4646-3600.<\/a><\/p>\n","protected":false},"excerpt":{"rendered":"<p>Nossa empresa tem o compromisso de proteger e respeitar sua privacidade, dessa forma, atrav\u00e9s desta Pol\u00edtica de Privacidade de Dados buscamos explicar como os dados pessoais fornecidos por voc\u00ea, usu\u00e1rio, s\u00e3o coletados pela Sanrisil e ser\u00e3o tratados de acordo com a Lei Geral de Prote\u00e7\u00e3o de Dados Pessoais (Lei n\u00ba 13709\/18), doravante &#8220;LGPD&#8221;. QUAIS DADOS [&hellip;]<\/p>\n","protected":false},"author":1,"featured_media":0,"parent":0,"menu_order":0,"comment_status":"closed","ping_status":"closed","template":"","meta":{"footnotes":""},"class_list":["post-213","page","type-page","status-publish","hentry"],"aioseo_notices":[],"_links":{"self":[{"href":"https:\/\/sanrisil.com.br\/index.php?rest_route=\/wp\/v2\/pages\/213","targetHints":{"allow":["GET"]}}],"collection":[{"href":"https:\/\/sanrisil.com.br\/index.php?rest_route=\/wp\/v2\/pages"}],"about":[{"href":"https:\/\/sanrisil.com.br\/index.php?rest_route=\/wp\/v2\/types\/page"}],"author":[{"embeddable":true,"href":"https:\/\/sanrisil.com.br\/index.php?rest_route=\/wp\/v2\/users\/1"}],"replies":[{"embeddable":true,"href":"https:\/\/sanrisil.com.br\/index.php?rest_route=%2Fwp%2Fv2%2Fcomments&post=213"}],"version-history":[{"count":6,"href":"https:\/\/sanrisil.com.br\/index.php?rest_route=\/wp\/v2\/pages\/213\/revisions"}],"predecessor-version":[{"id":589,"href":"https:\/\/sanrisil.com.br\/index.php?rest_route=\/wp\/v2\/pages\/213\/revisions\/589"}],"wp:attachment":[{"href":"https:\/\/sanrisil.com.br\/index.php?rest_route=%2Fwp%2Fv2%2Fmedia&parent=213"}],"curies":[{"name":"wp","href":"https:\/\/api.w.org\/{rel}","templated":true}]}}